{"id":1101,"date":"2023-06-14T21:44:28","date_gmt":"2023-06-14T21:44:28","guid":{"rendered":"http:\/\/abolition.dev.onpressidium.com\/?page_id=1101"},"modified":"2023-11-16T19:03:13","modified_gmt":"2023-11-16T19:03:13","slug":"what-is-prison-pic-abolition","status":"publish","type":"page","link":"https:\/\/ontheeveofabolition.com\/es\/resources\/what-is-prison-pic-abolition\/","title":{"rendered":"What is prison \/ pic abolition?"},"content":{"rendered":"<div class=\"wp-block-group alignfull has-blue-background-color has-background is-layout-constrained wp-block-group-is-layout-constrained\">\n<h1 class=\"wp-block-heading has-text-align-center has-white-color has-text-color\">\u00bfqu\u00c9 es la abolici\u00d3n de las prisiones?<\/h1>\n<\/div>\n\n\n\n<div class=\"wp-block-group alignfull has-blue-background-color has-background is-layout-constrained wp-block-group-is-layout-constrained\">\n<p class=\"has-white-color has-text-color translation-block\" style=\"font-size:18px\"><strong>La abolici\u00f3n del Complejo Industrial Carcelario<\/strong> es una visi\u00f3n pol\u00edtica cuyo objetivo es eliminar el encarcelamiento, la vigilancia y el mantenimiento del orden, y crear alternativas a largo plazo y duraderas en lugar del castigo y el encarcelamiento. Desde donde estamos ahora, a veces no podemos imaginar c\u00f3mo ser\u00e1 la abolici\u00f3n. La abolici\u00f3n no consiste s\u00f3lo en deshacerse de edificios llenos de jaulas humanas. Se trata tambi\u00e9n de deshacer la sociedad en la que vivimos porque el CIC alimenta y mantiene la opresi\u00f3n y las desigualdades mediante el castigo, la violencia y controla a millones de personas. Dado que el CIC no es un sistema aislado, la abolici\u00f3n es una estrategia amplia.<\/p>\n\n\n\n<p class=\"has-white-color has-text-color\" style=\"font-size:18px\"><em>Una visi\u00f3n abolicionista significa que debemos construir modelos hoy que puedan representar c\u00f3mo queremos vivir en el futuro. Significa desarrollar estrategias pr\u00e1cticas para dar peque\u00f1os pasos que nos lleven a hacer realidad nuestros sue\u00f1os y que nos lleven a todes a creer que las cosas realmente podr\u00edan ser diferentes. Significa vivir esta visi\u00f3n en nuestra vida cotidiana. La abolici\u00f3n es tanto una herramienta pr\u00e1ctica de organizaci\u00f3n como un objetivo a largo plazo.  -Definici\u00f3n de Resistencia Cr\u00edtica<\/em><\/p>\n\n\n\n<div style=\"height:50px\" aria-hidden=\"true\" class=\"wp-block-spacer\"><\/div>\n\n\n\n<h3 class=\"wp-block-heading has-text-align-center has-white-color has-text-color\">recursos en espa\u00d1ol:<\/h3>\n\n\n\n<p class=\"has-white-color has-text-color\" style=\"font-size:16px\">PDF: <em><a href=\"https:\/\/drive.google.com\/file\/d\/1YQXOv1FXizWWDvd0-a3fEonOSrNHiaP7\/view?usp=drive_link\" target=\"_blank\" rel=\"noreferrer noopener\">El poder heuristico del arte<\/a><\/em> por Elizam Escobar<br>ZINE: <a href=\"https:\/\/drive.google.com\/drive\/folders\/1NbQ60OsaBs8xDhS_BHkUcPwFiPinXnBA?usp=drive_link\" target=\"_blank\" rel=\"noreferrer noopener\">Imaginando posibilidades ante los conflictos<\/a> por Micellio Abolicionista<br>ART\u00cdCULO: <a href=\"https:\/\/www.kilometro0.org\/blog-desde-cero\/2022\/4\/21\/nos-nombramos-micelio-aportacin-a-imaginar-una-isla-segura-de-micelio-abolicionista\" target=\"_blank\" rel=\"noreferrer noopener\">Nos nombramos \u201cmicelio\u201d: Aportaci\u00f3n a Imaginar una isla segura de Micelio Abolicionista<\/a><br>PDF: <a href=\"https:\/\/drive.google.com\/file\/d\/1O1vLu0osVy_FgY65hvsjjEsdezV1ead_\/view?usp=drive_link\" target=\"_blank\" rel=\"noreferrer noopener\">Desde el Suelo: Herramientas para radicalizar nuestras pr\u00e1cticas educativas<\/a><br><a href=\"https:\/\/docs.google.com\/spreadsheets\/d\/1-tdRAIIegJfVN6nH3cqJpDrPWhijhdzuPllaPRcdSdM\/edit#gid=1231964897\" target=\"_blank\" rel=\"noreferrer noopener\">Recursos introductorios: abolicionismo penal y justicia transformativa<\/a><br><a href=\"https:\/\/docs.google.com\/spreadsheets\/d\/1oarAv5v87Ah_78XQb24AsydtAkdwaCxNesScSVhe4Ug\/edit?usp=sharing\" target=\"_blank\" rel=\"noreferrer noopener\">Herramientas para la Ni\u00f1ez &#8211; Listado de Literatura Infantil y Juvenil<\/a><\/p>\n\n\n\n<div style=\"height:25px\" aria-hidden=\"true\" class=\"wp-block-spacer\"><\/div>\n<\/div>\n\n\n\n<div class=\"wp-block-group alignfull has-grey-background-color has-background is-layout-constrained wp-block-group-is-layout-constrained\">\n<p><\/p>\n\n\n\n<h3 class=\"wp-block-heading has-text-align-center has-white-color has-text-color\"><strong>art\u00cdculos<\/strong><\/h3>\n\n\n\n<ul class=\"has-white-color has-text-color wp-block-list\">\n<li style=\"font-size:16px\"><strong><a href=\"https:\/\/harvardlawreview.org\/2019\/04\/abolition-and-reparations-histories-of-resistance-transformative-justice-and-accountability\/\" target=\"_blank\" rel=\"noreferrer noopener\">Abolition And Reparations: Histories of Resistance, Transformative Justice, And Accountability by Patrisse Cullors<\/a><\/strong><\/li>\n\n\n\n<li style=\"font-size:16px\"><strong><a href=\"http:\/\/criticalresistance.org\/policing-timeline\/\" target=\"_blank\" rel=\"noreferrer noopener\">Critical Resistance Policing Timeline<\/a><\/strong><\/li>\n\n\n\n<li style=\"font-size:16px\"><a href=\"https:\/\/www.thenation.com\/article\/archive\/what-is-prison-abolition\/\" target=\"_blank\" rel=\"noreferrer noopener\"><strong>What Is Prison Abolition?<\/strong>: <strong>The Nation<\/strong><\/a><\/li>\n\n\n\n<li style=\"font-size:16px\"><strong><a href=\"https:\/\/www.commondreams.org\/views\/2019\/06\/12\/how-fears-abolition-shaped-second-amendment?fbclid=IwAR1u2I1k2j0d5Pa8je342jsrNfaJ5haoLt6vfhCl8TvFs_fb2wsRhqIKG5w\" target=\"_blank\" rel=\"noreferrer noopener\">How Fears of Abolition Shaped the Second Amendment<\/a><\/strong><\/li>\n\n\n\n<li style=\"font-size:16px\"><strong><a href=\"https:\/\/www.nytimes.com\/2020\/06\/12\/opinion\/sunday\/floyd-abolish-defund-police.html\" target=\"_blank\" rel=\"noreferrer noopener\">Yes, We Mean Literally Abolish the Police, Mariame Kaba | June 12, 2020<\/a><\/strong><\/li>\n\n\n\n<li style=\"font-size:16px\"><strong><a href=\"https:\/\/scalawagmagazine.org\/abolition-week\/\" target=\"_blank\" rel=\"noreferrer noopener\">Abolition Week, Scalawag <\/a><\/strong><\/li>\n\n\n\n<li style=\"font-size:16px\"><strong><a href=\"https:\/\/twitter.com\/djmckenna00\/status\/1269218616861437952?s=21&amp;fbclid=IwAR0u5FWahdfMLAvEcLf1Az_NegXwP_rkrJTCNN0vwfJMqdrpfPE0NzpJ-gM\" target=\"_blank\" rel=\"noreferrer noopener\">Crime is Socially Constructed (a twitter thread with links)<\/a><\/strong><\/li>\n\n\n\n<li style=\"font-size:16px\"><strong><a href=\"https:\/\/level.medium.com\/so-youre-thinking-about-becoming-an-abolitionist-a436f8e31894\" target=\"_blank\" rel=\"noreferrer noopener\">So You\u2019re Thinking About Becoming an Abolitionist, part of Abolition for the People, Mariame Kaba&nbsp; | October 2020<\/a><\/strong><\/li>\n<\/ul>\n\n\n\n<p><\/p>\n<\/div>\n\n\n\n<div class=\"wp-block-cover alignfull is-light\"><span aria-hidden=\"true\" class=\"wp-block-cover__background has-background-dim\"><\/span><img loading=\"lazy\" decoding=\"async\" width=\"1600\" height=\"901\" class=\"wp-block-cover__image-background wp-image-1104\" alt=\"\" src=\"https:\/\/ontheeveofabolition.com\/wp-content\/uploads\/liberation_camp_prison_tower_1.jpeg\" style=\"object-position:54% 95%\" data-object-fit=\"cover\" data-object-position=\"54% 95%\" srcset=\"https:\/\/ontheeveofabolition.com\/wp-content\/uploads\/liberation_camp_prison_tower_1.jpeg 1600w, https:\/\/ontheeveofabolition.com\/wp-content\/uploads\/liberation_camp_prison_tower_1-960x541.jpeg 960w, https:\/\/ontheeveofabolition.com\/wp-content\/uploads\/liberation_camp_prison_tower_1-1320x743.jpeg 1320w, https:\/\/ontheeveofabolition.com\/wp-content\/uploads\/liberation_camp_prison_tower_1-576x324.jpeg 576w\" sizes=\"auto, (max-width: 1600px) 100vw, 1600px\" \/><div class=\"wp-block-cover__inner-container is-layout-flow wp-block-cover-is-layout-flow\">\n<div class=\"wp-block-group is-layout-constrained wp-block-group-is-layout-constrained\">\n<p class=\"has-text-align-left h2 has-white-color has-text-color has-large-font-size\">\"la abolici\u00d3n de la cic es una visi\u00d3n de una sociedad reestructurada en un mundo en el que tenemos todo lo que necesitamos: comida, refugio, educaci\u00d3n, salud, arte, belleza, agua limpia y m\u00e1s cosas que son fundamentales para nuestra seguridad personal y comunitaria\".<\/p>\n\n\n\n<p class=\"has-text-align-right h3 has-white-color has-text-color\">&#8211; mariame kaba<\/p>\n<\/div>\n<\/div><\/div>\n\n\n\n<div class=\"wp-block-group alignfull has-blue-background-color has-background is-layout-constrained wp-block-group-is-layout-constrained\">\n<p><\/p>\n\n\n\n<h3 class=\"wp-block-heading has-text-align-center has-white-color has-text-color\"><strong><strong>libros \/ zines \/ toolkit<\/strong><\/strong><\/h3>\n\n\n\n<ul class=\"has-white-color has-text-color wp-block-list\">\n<li style=\"font-size:16px\"><a href=\"https:\/\/www.feministes-radicales.org\/wp-content\/uploads\/2010\/11\/Angela-Davis-Are_Prisons_Obsolete.pdf\"><strong>Are Prisons Obsolete?<\/strong><\/a><strong> by <strong>Angela Davis<\/strong><\/strong> <strong>(PDF)<\/strong><\/li>\n\n\n\n<li style=\"font-size:16px\"><strong><a href=\"https:\/\/drive.google.com\/file\/d\/1soaV_32Yvz5PnmI-XUaFkdHRPU8EKicC\/view?usp=drive_link\" target=\"_blank\" rel=\"noreferrer noopener\">The End of Policing <\/a>by <strong>Alex Vitale<\/strong><\/strong> <strong>(e-book available for free online<\/strong>)<\/li>\n\n\n\n<li style=\"font-size:16px\"><a href=\"https:\/\/books.google.com.pr\/books?id=tmAMEAAAQBAJ&amp;printsec=frontcover&amp;dq=golden+gulag&amp;hl=en&amp;sa=X&amp;ved=2ahUKEwiEtvrQksn3AhV_kGoFHRF_D98Q6AF6BAgCEAI#v=onepage&amp;q=golden%20gulag&amp;f=false\"><strong>Abolition Geography: Essays Towards Liberation<\/strong><\/a><strong>&nbsp;by<\/strong> <strong>Ruth Wilson Gilmore&nbsp;<\/strong><\/li>\n\n\n\n<li style=\"font-size:16px\"><a href=\"https:\/\/www.haymarketbooks.org\/books\/1664-we-do-this-til-we-free-us\"><strong>We Do This \u2018Til We Free Us <\/strong><\/a><strong>by Mariame Kaba<\/strong><\/li>\n\n\n\n<li style=\"font-size:16px\"><a href=\"https:\/\/static1.squarespace.com\/static\/5ee39ec764dbd7179cf1243c\/t\/630398e383d20c0139686f16\/1661180144236\/Abolition+Binder_Web+Version.pdf\"><strong>So Is This Actually an Abolitionist Proposal or Strategy?<\/strong><\/a> by <strong>Interrupting Criminalization, Project NIA, &amp; Critical Resistance<\/strong><\/li>\n\n\n\n<li style=\"font-size:16px\"><strong><a href=\"https:\/\/abolitionist.tools\/\" target=\"_blank\" rel=\"noreferrer noopener\">Building Your Abolitionist Toolkit:&nbsp; Everyday Resources for a Punishment-Free World <\/a><\/strong><\/li>\n\n\n\n<li style=\"font-size:16px\"><strong><a href=\"https:\/\/drive.google.com\/file\/d\/1yb92kZfrUadGTB8tqBZ27f6RqhYpeDpv\/view\" target=\"_blank\" rel=\"noreferrer noopener\">Police Abolition 101 Zine, 2021<\/a><\/strong><\/li>\n\n\n\n<li style=\"font-size:16px\"><strong><a href=\"https:\/\/static1.squarespace.com\/static\/5ee39ec764dbd7179cf1243c\/t\/6109e65d5a8ce56464ff94eb\/1628038750972\/WATR+Zine.pdf\" target=\"_blank\" rel=\"noreferrer noopener\">What About the Rapists?: An Abolitionist FAQ Series From Interrupting Criminalization, 2021<\/a><\/strong><\/li>\n\n\n\n<li style=\"font-size:16px\"><strong><a href=\"https:\/\/issuu.com\/projectnia\/docs\/practicing_abolition_creating_community_final_22\" target=\"_blank\" rel=\"noreferrer noopener\">Practicing Abolition, Creating Community<\/a><\/strong> <strong>by Project Nia<\/strong><\/li>\n\n\n\n<li style=\"font-size:16px\"><strong><a href=\"https:\/\/drive.google.com\/drive\/folders\/1bfl1NKuwngMk0eWMR_PFLguVsBUmfGY2\" target=\"_blank\" rel=\"noreferrer noopener\">StopCopCity: Defiende el bosque zine <\/a>by AgitArte<\/strong><\/li>\n<\/ul>\n\n\n\n<p><\/p>\n<\/div>\n\n\n\n<div class=\"wp-block-group alignfull has-grey-background-color has-background is-layout-constrained wp-block-group-is-layout-constrained\">\n<p><\/p>\n\n\n\n<h3 class=\"wp-block-heading has-text-align-center has-white-color has-text-color\"><strong><strong>podcasts<\/strong><\/strong><\/h3>\n\n\n\n<ul class=\"has-white-color has-text-color wp-block-list\">\n<li style=\"font-size:16px\"><strong><a href=\"https:\/\/www.beyond-prisons.com\" target=\"_blank\" rel=\"noreferrer noopener\">Beyond Prisons Podcast<\/a><\/strong>\n<ul class=\"wp-block-list\">\n<li><a href=\"https:\/\/www.beyond-prisons.com\/home\/taylar-nuevelle-on-knitting-in-prison\" target=\"_blank\" rel=\"noreferrer noopener\"><strong>Taylor Nuevelle &#8211; \u201cOn Knitting in Prison<\/strong>&#8220;<\/a><\/li>\n<\/ul>\n<\/li>\n\n\n\n<li style=\"font-size:16px\"><strong><a href=\"https:\/\/play.acast.com\/s\/intercepted-with-jeremy-scahill\/hopeisadiscipline-mariamekabaondismantlingthecarceralstate\" target=\"_blank\" rel=\"noreferrer noopener\">Intercepted &#8211; \u201cHope Is a Discipline: Mariame Kaba on Dismantling the Carceral State\u201d&nbsp;<\/a><\/strong><\/li>\n\n\n\n<li style=\"font-size:16px\"><a href=\"https:\/\/www.callyourgirlfriend.com\/episodes\/2020\/06\/05\/police-abolition-mariame-kaba?utm_source=BCRW+Email+List&amp;utm_campaign=b8be8ee7d6-EMAIL_CAMPAIGN_2020_08_03_02_46&amp;utm_medium=email&amp;utm_term=0_440ce3d248-b8be8ee7d6-125550070\" target=\"_blank\" rel=\"noreferrer noopener\"><strong>Call Your Girlfriend<\/strong> &#8211; <strong>Police Abolition with Mariam Kaba<\/strong><\/a><\/li>\n\n\n\n<li style=\"font-size:16px\"><a href=\"https:\/\/www.upstreampodcast.org\/abolishthepolice?link_id=41&amp;can_id=57287dcea45fd1222fc52946fed059e8&amp;source=email-public-banking-act-cancelrent-building-solidarity-economy-ecosystems-3&amp;email_referrer=email_1292472___subject_1708754&amp;email_subject=the-world-we-want-hurricane-ida-just-recovery-indigenous-resistance-against-carbon\" target=\"_blank\" rel=\"noreferrer noopener\"><strong>UpStream<\/strong> &#8211; <strong>Abolish the Police<\/strong><\/a><\/li>\n\n\n\n<li style=\"font-size:16px\"><strong><a href=\"https:\/\/podcasts.apple.com\/us\/podcast\/safety\/id1529315116?i=1000544211297\" target=\"_blank\" rel=\"noreferrer noopener\">Being Seen podcast: Safety with Mariame Kaba<\/a><\/strong><\/li>\n\n\n\n<li style=\"font-size:16px\"><a href=\"https:\/\/podcasts.apple.com\/us\/podcast\/finding-our-way\/id1519965068?i=1000570287698\" target=\"_blank\" rel=\"noreferrer noopener\"><strong>Finding Our Way Podcast with Prentis Hemphill: Questioning Culture with Richie Resida<\/strong>&nbsp;<\/a><\/li>\n\n\n\n<li style=\"font-size:16px\"><strong><a href=\"https:\/\/www.whenwefightwewin.com\/\" target=\"_blank\" rel=\"noreferrer noopener\">When We Fight, We Win!: The Podcast<\/a><\/strong>\n<ul class=\"wp-block-list\">\n<li><a href=\"https:\/\/www.whenwefightwewin.com\/listen\/season-2-episode-4-abolishing-the-police-part-1\/\"><strong>PART 1: Abolishing the Police, #CopsOffCampus<\/strong><\/a><\/li>\n\n\n\n<li><a href=\"https:\/\/www.whenwefightwewin.com\/listen\/season-2-episode-4-abolishing-the-police-part-2\/\"><strong>PART 2: Abolishing the Police, A Feminist Lens<\/strong><\/a><\/li>\n\n\n\n<li><a href=\"https:\/\/drive.google.com\/drive\/u\/1\/folders\/1ySJhZ72if9zcubwFhhzs-X3NUkoIBBBc\"><strong>Word of the Day: Prison Abolition, artwork by Pitt Panther<\/strong><\/a><\/li>\n<\/ul>\n<\/li>\n\n\n\n<li style=\"font-size:16px\"><strong><a href=\"https:\/\/podcasts.apple.com\/us\/podcast\/one-million-experiments\/id1589966282\" target=\"_blank\" rel=\"noreferrer noopener\">One Million Experiments Podcast<\/a><\/strong>\n<ul class=\"wp-block-list\">\n<li><strong><a href=\"https:\/\/podcasts.apple.com\/us\/podcast\/espan-ol-parte-8-taller-salud-con-zinnia-alejandro\/id1589966282?i=1000571471559\" target=\"_blank\" rel=\"noreferrer noopener\">Parte 8 &#8211; Taller Salud con Zannia Alejandro&nbsp;<\/a><\/strong><\/li>\n<\/ul>\n<\/li>\n<\/ul>\n\n\n\n<p><\/p>\n<\/div>\n\n\n\n<div class=\"wp-block-group alignfull has-blue-background-color has-background is-layout-constrained wp-block-group-is-layout-constrained\">\n<p><\/p>\n\n\n\n<h3 class=\"wp-block-heading has-text-align-center has-white-color has-text-color\"><strong>pel\u00cdculas  \/ videos \/ webinarios<\/strong>:<\/h3>\n\n\n\n<ul class=\"has-white-color has-text-color wp-block-list\">\n<li style=\"font-size:16px\"><strong><a href=\"https:\/\/www.youtube.com\/watch?v=CKw8tyagfb4\" target=\"_blank\" rel=\"noreferrer noopener\">Past as Prologue: Storytelling about Resistance to Incarceration<\/a><\/strong>\n<ul class=\"wp-block-list\">\n<li>Conversation featuring Kathy Boudin, Monica Cosby, Laura McTighe, and Toussaint Losier, moderated by Mariame Kaba. | May 8, 2020<\/li>\n<\/ul>\n<\/li>\n\n\n\n<li style=\"font-size:16px\"><strong><a href=\"https:\/\/www.youtube.com\/watch?v=GHdg4dqBMyk\" target=\"_blank\" rel=\"noreferrer noopener\">On the Road with Abolition: Assessing our Steps Along the Way<\/a><\/strong>, <strong>Critical Resistance &amp; Haymarket Books | June 2020<\/strong><\/li>\n\n\n\n<li style=\"font-size:16px\"><strong><a href=\"https:\/\/theintercept.com\/2020\/06\/10\/ruth-wilson-gilmore-makes-the-case-for-abolition\/?fbclid=IwAR0CrcLLHSZSdi9fjV2ypB8vnZW-oim7jX2dIzHwwUxsczGWs5R2gu0Vvlc\" target=\"_blank\" rel=\"noreferrer noopener\">Ruth Wilson Gilmore Makes the Case for Abolition<\/a><\/strong>, <strong>Intercepted Podcast | June 10, 2020<\/strong><\/li>\n\n\n\n<li style=\"font-size:16px\"><strong><a href=\"https:\/\/www.democracynow.org\/2023\/2\/1\/tyre_nichols_traffic_stops_police_violence\" target=\"_blank\" rel=\"noreferrer noopener\">Howard Prof. Justin Hansford &amp; Abolitionist Andrea Ritchie on Tyre Nichols &amp; Calls for No More Police<\/a>, DemocracyNow!<\/strong><\/li>\n<\/ul>\n\n\n\n<p><\/p>\n<\/div>\n\n\n\n<div class=\"wp-block-cover alignfull\"><span aria-hidden=\"true\" class=\"wp-block-cover__background has-background-dim-0 has-background-dim\"><\/span><img loading=\"lazy\" decoding=\"async\" width=\"2560\" height=\"1442\" class=\"wp-block-cover__image-background wp-image-510\" alt=\"background\" src=\"https:\/\/ontheeveofabolition.com\/wp-content\/uploads\/P1000314.jpeg\" style=\"object-position:51% 100%\" data-object-fit=\"cover\" data-object-position=\"51% 100%\" srcset=\"https:\/\/ontheeveofabolition.com\/wp-content\/uploads\/P1000314.jpeg 2560w, https:\/\/ontheeveofabolition.com\/wp-content\/uploads\/P1000314-18x10.jpeg 18w\" sizes=\"auto, (max-width: 2560px) 100vw, 2560px\" \/><div class=\"wp-block-cover__inner-container is-layout-flow wp-block-cover-is-layout-flow\">\n<div class=\"wp-block-group is-layout-constrained wp-block-group-is-layout-constrained\">\n<div style=\"height:50px\" aria-hidden=\"true\" class=\"wp-block-spacer\"><\/div>\n\n\n\n<div class=\"wp-block-buttons is-content-justification-center is-layout-flex wp-container-core-buttons-is-layout-a89b3969 wp-block-buttons-is-layout-flex\">\n<div class=\"wp-block-button is-style-outline is-style-outline--1\"><a class=\"wp-block-button__link wp-element-button\" href=\"https:\/\/ontheeveofabolition.com\/es\/resources\/?preview=true\">VOLVER A RECURSOS<\/a><\/div>\n<\/div>\n\n\n\n<div style=\"height:50px\" aria-hidden=\"true\" class=\"wp-block-spacer\"><\/div>\n<\/div>\n<\/div><\/div>","protected":false},"excerpt":{"rendered":"<p>what is prison \/ pic abolition? Prison Industrial Complex Abolition is a political vision with the goal of eliminating imprisonment, policing, and surveillance and creating lasting alternatives to punishment and imprisonment. From where we are now, sometimes we can\u2019t really imagine what abolition is going to look like. Abolition isn\u2019t just about getting rid of [&hellip;]<\/p>","protected":false},"author":9,"featured_media":0,"parent":71,"menu_order":1,"comment_status":"closed","ping_status":"closed","template":"","meta":{"_acf_changed":false,"inline_featured_image":false,"footnotes":""},"class_list":["post-1101","page","type-page","status-publish","hentry"],"acf":[],"_links":{"self":[{"href":"https:\/\/ontheeveofabolition.com\/es\/wp-json\/wp\/v2\/pages\/1101","targetHints":{"allow":["GET"]}}],"collection":[{"href":"https:\/\/ontheeveofabolition.com\/es\/wp-json\/wp\/v2\/pages"}],"about":[{"href":"https:\/\/ontheeveofabolition.com\/es\/wp-json\/wp\/v2\/types\/page"}],"author":[{"embeddable":true,"href":"https:\/\/ontheeveofabolition.com\/es\/wp-json\/wp\/v2\/users\/9"}],"replies":[{"embeddable":true,"href":"https:\/\/ontheeveofabolition.com\/es\/wp-json\/wp\/v2\/comments?post=1101"}],"version-history":[{"count":0,"href":"https:\/\/ontheeveofabolition.com\/es\/wp-json\/wp\/v2\/pages\/1101\/revisions"}],"up":[{"embeddable":true,"href":"https:\/\/ontheeveofabolition.com\/es\/wp-json\/wp\/v2\/pages\/71"}],"wp:attachment":[{"href":"https:\/\/ontheeveofabolition.com\/es\/wp-json\/wp\/v2\/media?parent=1101"}],"curies":[{"name":"wp","href":"https:\/\/api.w.org\/{rel}","templated":true}]}}